

    {"id":13655,"date":"2026-08-27T12:00:18","date_gmt":"2026-08-27T11:00:18","guid":{"rendered":"https:\/\/esofitec.com\/ia-en-rrhh-esdeveniment-lleida-girona\/"},"modified":"2026-09-03T16:17:43","modified_gmt":"2026-09-03T15:17:43","slug":"ia-en-rrhh-esdeveniment-lleida-girona","status":"publish","type":"page","link":"https:\/\/esofitec.com\/ca\/ia-en-rrhh-esdeveniment-lleida-girona\/","title":{"rendered":"IA a RRHH Esdeveniment Lleida -Girona"},"content":{"rendered":"<div class=\"et_pb_section_0 et_pb_section et_section_regular et_block_section\">\n<div class=\"et_pb_row_0 et_pb_row et_block_row\">\n<div class=\"et_pb_column_0 et_pb_column et_pb_column_4_4 et-last-child et_block_column et_pb_css_mix_blend_mode_passthrough\">\n<div class=\"et_pb_text_0 et_pb_text et_pb_bg_layout_light et_pb_module et_block_module\"><div class=\"et_pb_text_inner\"><p>&nbsp;<\/p>\n<p>&nbsp;<\/p>\n<h1>Esdeveniment presencial: IA aplicada a rrhh. Lleida i girona <\/h1>\n<h2>IA a RRHH: del compliment normatiu a la productivitat real<\/h2>\n<ul>\n<li>\n<h3>Com afecta la regulaci\u00f3 europea sobre la IA.<\/h3>\n<\/li>\n<li>\n<h3>Casos reals dIA aplicada a la gesti\u00f3 laboral.<\/h3>\n<\/li>\n<li>\n<h3>Esdeveniment gratu\u00eft i exclusiu.<\/h3>\n<\/li>\n<\/ul>\n<\/div><\/div>\n\n<div class=\"et_pb_module et_pb_button_module_wrapper et_pb_button_0_wrapper\"><a class=\"et_pb_button_0 et_pb_button et_pb_bg_layout_light et_pb_module et_block_module\" href=\"#inscripcion\">Reservar pla\u00e7a<\/a><\/div>\n<\/div>\n<\/div>\n\n<div class=\"et_pb_row_1 et_pb_row et_block_row\">\n<div class=\"et_pb_column_1 et_pb_column et_pb_column_2_5 et_block_column et_pb_css_mix_blend_mode_passthrough\">\n<div class=\"et_pb_text_1 et_pb_text et_pb_bg_layout_light et_pb_module et_block_module et_pb_text_align_right\"><div class=\"et_pb_text_inner\"><p><span>Organitzat amb:<\/span><\/p>\n<\/div><\/div>\n<\/div>\n\n<div class=\"et_pb_column_2 et_pb_column et_pb_column_3_5 et-last-child et_block_column et_pb_css_mix_blend_mode_passthrough\">\n<div class=\"et_pb_image_0 et_pb_image et_pb_module et_block_module\"><span class=\"et_pb_image_wrap\"><img decoding=\"async\" src=\"https:\/\/esofitec.com\/wp-content\/uploads\/2026\/08\/logo-wolters-kluwer.svg\" title=\"logo-wolters-kluwer\" class=\"wp-image-13392\" alt=\"Logo Wolters Kluwer\" \/><\/span><\/div>\n<\/div>\n<\/div>\n<\/div>\n\n<div class=\"et_pb_section_1 et_pb_section et_section_regular et_block_section\">\n<div class=\"et_pb_row_2 et_pb_row et_pb_equal_columns et_block_row\">\n<div class=\"et_pb_column_3 et_pb_column et_pb_column_1_2 et_block_column et_pb_css_mix_blend_mode_passthrough\">\n<div class=\"et_pb_blurb_0 et_pb_blurb et_pb_bg_layout_light et_pb_blurb_position_top et_pb_module et_block_module\"><div class=\"et_pb_blurb_content\"><div class=\"et_pb_main_blurb_image et_animated\"><span class=\"et_pb_image_wrap\"><span class=\"et-pb-icon\">\uf3c5<\/span><\/span><\/div><div class=\"et_pb_blurb_container\"><h3 class=\"et_pb_module_header\">LLEIDA - 14 d'octubre<\/h3><div class=\"et_pb_blurb_description\"><p>Horari: de 9:30h a 12:30h<br \/>Lloc: Auditori Joan Or\u00f3, Parc Agrobiotech Lleida<\/p>\n<p>PONENTS:<\/p>\n<ul>\n<li><a href=\"https:\/\/www.linkedin.com\/in\/ramonarnotorrades\/\" target=\"_blank\" rel=\"noopener\">Ram\u00f3n Arn\u00f3<\/a>, advocat expert en RGPD i normativa IA.<\/li>\n<li>Eduardo Fern\u00e1ndez, Key Account HCM Wolters Kluwer.<\/li>\n<li>Jes\u00fas Gab\u00e1s, consultor a Payroll i RRHH Esofitec.<\/li>\n<\/ul>\n<p>PRESENTAT PER:<\/p>\n<ul>\n<li>Alberto G\u00f3mez, periodista.<\/li>\n<li>Mariv\u00ed Chac\u00f3n, periodista Grup Segre.<\/li>\n<\/ul>\n<\/div><\/div><\/div><\/div>\n\n<div class=\"et_pb_text_2 et_pb_text et_pb_bg_layout_light et_pb_module et_flex_module\"><div class=\"et_pb_text_inner\"><p>GRATU\u00cfT.<\/p>\n<p>PLACES LIMITADES.<\/p>\n<\/div><\/div>\n\n<div class=\"et_pb_module et_pb_button_module_wrapper et_pb_button_1_wrapper\"><a class=\"et_pb_button_1 et_pb_button et_pb_bg_layout_light et_pb_module et_block_module\" href=\"#inscripcion\">Inscriure&#039;m<\/a><\/div>\n<\/div>\n\n<div class=\"et_pb_column_4 et_pb_column et_pb_column_1_2 et-last-child et_block_column et_pb_css_mix_blend_mode_passthrough\">\n<div class=\"et_pb_blurb_1 et_pb_blurb et_pb_bg_layout_light et_pb_blurb_position_top et_pb_module et_block_module\"><div class=\"et_pb_blurb_content\"><div class=\"et_pb_main_blurb_image et_animated\"><span class=\"et_pb_image_wrap\"><span class=\"et-pb-icon\">\uf3c5<\/span><\/span><\/div><div class=\"et_pb_blurb_container\"><h3 class=\"et_pb_module_header\">GIRONA - 20 d'octubre<\/h3><div class=\"et_pb_blurb_description\"><p>Horari: de 9:30h a 12:30h<br \/> Lloc: Hotel Ultonia, <span data-olk-copy-source=\"MessageBody\">Gran Via de Jaume I, 22, 17001 Girona<\/span><\/p>\n<p>PONENTS:<\/p>\n<ul>\n<li><a href=\"https:\/\/www.linkedin.com\/in\/beatrizdeltoroabogada\/\" target=\"_blank\" rel=\"noopener\">Beatriz del Toro<\/a>, advocada experta en normativa IA.<\/li>\n<li>Eduardo Fern\u00e1ndez, Key Account HCM Wolters Kluwer.<\/li>\n<li>Marta Pinillo, consultora a Payroll i RRHH Esofitec.<\/li>\n<\/ul>\n<p>PRESENTAT PER:<\/p>\n<ul>\n<li>Josep Salvat, periodista.<\/li>\n<\/ul>\n<\/div><\/div><\/div><\/div>\n\n<div class=\"et_pb_text_3 et_pb_text et_pb_bg_layout_light et_pb_module et_flex_module\"><div class=\"et_pb_text_inner\"><p>GRATU\u00cfT.<\/p>\n<p>PLACES LIMITADES.<\/p>\n<\/div><\/div>\n\n<div class=\"et_pb_module et_pb_button_module_wrapper et_pb_button_2_wrapper\"><a class=\"et_pb_button_2 et_pb_button et_pb_bg_layout_light et_pb_module et_block_module\" href=\"#inscripcion\">Inscriure&#039;m<\/a><\/div>\n<\/div>\n<\/div>\n\n<div class=\"et_pb_row_3 et_pb_row et_pb_gutters1 et_block_row\" id=\"inscripcion\">\n<div class=\"et_pb_column_5 et_pb_column et_pb_column_1_2 et_block_column et_pb_css_mix_blend_mode_passthrough\">\n<div class=\"et_pb_text_4 et_pb_text et_pb_bg_layout_light et_pb_module et_block_module\"><div class=\"et_pb_text_inner\"><p><strong>Com utilitzar la IA de manera segura, responsable i \u00fatil per transformar la gesti\u00f3 laboral i de n\u00f2mina.<\/strong><\/p>\n<p>&nbsp;<\/p>\n<h2>Programa de l'esdeveniment<\/h2>\n<ul>\n<li><strong>9.30 h - Recepci\u00f3 d'assistents.<\/strong><\/li>\n<li><strong>9.50 h - Benvinguda.<\/strong><\/li>\n<li><strong>10:00 h \u2013 IA i RRHH:<\/strong> qu\u00e8 exigeix \u200b\u200bla normativa i qu\u00e8 han de fer les empreses avui.<\/li>\n<li><strong>10:35 h - Taula rodona: la IA a RRHH:<\/strong>\n<ul>\n<li>Qu\u00e8 preocupa els responsables de RRHH quan incorporen la IA?<\/li>\n<li>Quins s\u00f3n els errors que cal evitar en implantar la IA en processos de RRHH.<\/li>\n<li>Qu\u00e8 hem apr\u00e8s en incorporar-la IA?<\/li>\n<\/ul>\n<\/li>\n<li><strong>11:00 h - Demo en directe:<\/strong><span> <\/span>aix\u00ed treballa un assistent d'IA integrat al teu programari de n\u00f2mina.<\/li>\n<li><strong>11:30 h \u2013 Caf\u00e8 & Networking.<\/strong> <strong>Espai Demo:<\/strong><span> <\/span>prova la IA amb els teus propis casos.<\/li>\n<\/ul>\n<\/div><\/div>\n<\/div>\n\n<div class=\"et_pb_column_6 et_pb_column et_pb_column_1_2 et-last-child et_block_column et_pb_css_mix_blend_mode_passthrough\">\n<div class=\"et_pb_code_0 et_pb_code et_pb_module\"><div class=\"et_pb_code_inner\"><p class=\"wpcf7-contact-form-not-found\"><strong>Error:<\/strong> No s'ha trobat el formulari de contacte.<\/p><\/div><\/div>\n\n<div class=\"et_pb_code_1 et_pb_code et_pb_module\"><div class=\"et_pb_code_inner\"><script>document.addEventListener('wpcf7mailsent', function(event) {\n\n    \/\/ Solo el formulario de inscripci\u00f3n ExpertIA\n    if (String(event.detail.contactFormId) !== '13278') {\n        return;\n    }\n\n    \/\/ Obtener la ciudad seleccionada\n    var ciudad = '';\n\n    event.detail.inputs.forEach(function(input) {\n        if (input.name === 'select-58') {\n            ciudad = input.value;\n        }\n    });\n\n    \/\/ Registrar inscripci\u00f3n en Meta\n    if (typeof fbq === 'function') {\n        fbq('track', 'CompleteRegistration', {\n            event_name: 'ExpertIA_RRHH',\n            city: ciudad\n        });\n    }\n\n}, false);\n<\/script><\/div><\/div>\n<\/div>\n<\/div>\n\n<div class=\"et_pb_row_4 et_pb_row et_pb_equal_columns et_pb_gutters1 et_block_row\">\n<div class=\"et_pb_column_7 et_pb_column et_pb_column_1_2 et_block_column et_pb_column_empty et_pb_css_mix_blend_mode_passthrough\"><\/div>\n\n<div class=\"et_pb_column_8 et_pb_column et_pb_column_1_2 et-last-child et_block_column et_pb_css_mix_blend_mode_passthrough\">\n<div class=\"et_pb_text_5 et_pb_text et_pb_bg_layout_light et_pb_module et_block_module\"><div class=\"et_pb_text_inner\"><p><strong>N\u00f2mina Expert IA<\/strong><\/p>\n<h2>Compleix la normativa. Automatitza processos. Guanya temps per a les persones.  <\/h2>\n<p>Un mat\u00ed per con\u00e8ixer tot all\u00f2 que has de saber abans d'incorporar la IA als teus processos de n\u00f2mina i gesti\u00f3 de persones.<\/p>\n<p>La IA transforma molts \u00e0mbits de les nostres vides, tamb\u00e9 la gesti\u00f3 laboral.<\/p>\n<p>Qu\u00e8 descobrir\u00e0s?<\/p>\n<ul>\n<li>Com afecta la nova regulaci\u00f3 europea sobre IA els departaments de recursos humans.<\/li>\n<li>Casos reals on la IA ja est\u00e0 estalviant hores de feina administrativa.<\/li>\n<li>Com resoldre consultes sobre n\u00f2mina i gesti\u00f3 laboral de manera immediata.<\/li>\n<li>Quines tasques es poden automatitzar sense perdre el control del proc\u00e9s.<\/li>\n<li>Una demostraci\u00f3 en directe d'IA integrada al programari de n\u00f2mina.<\/li>\n<\/ul>\n<\/div><\/div>\n\n<div class=\"et_pb_module et_pb_button_module_wrapper et_pb_button_3_wrapper\"><a class=\"et_pb_button_3 et_pb_button et_pb_bg_layout_light et_pb_module et_block_module\" href=\"#inscripcion\">Places limitades: inscriu-te<\/a><\/div>\n<\/div>\n<\/div>\n<\/div>","protected":false},"excerpt":{"rendered":"<p>Esdeveniment presencial a Lleida i Girona per descobrir com aplicar la IA a RRHH amb seguretat jur\u00eddica i resultats reals.<\/p>\n","protected":false},"author":3,"featured_media":13656,"parent":0,"menu_order":0,"comment_status":"closed","ping_status":"closed","template":"","meta":{"footnotes":""},"categories":[],"class_list":["post-13655","page","type-page","status-publish","has-post-thumbnail","hentry"],"_links":{"self":[{"href":"https:\/\/esofitec.com\/ca\/wp-json\/wp\/v2\/pages\/13655","targetHints":{"allow":["GET"]}}],"collection":[{"href":"https:\/\/esofitec.com\/ca\/wp-json\/wp\/v2\/pages"}],"about":[{"href":"https:\/\/esofitec.com\/ca\/wp-json\/wp\/v2\/types\/page"}],"author":[{"embeddable":true,"href":"https:\/\/esofitec.com\/ca\/wp-json\/wp\/v2\/users\/3"}],"replies":[{"embeddable":true,"href":"https:\/\/esofitec.com\/ca\/wp-json\/wp\/v2\/comments?post=13655"}],"version-history":[{"count":6,"href":"https:\/\/esofitec.com\/ca\/wp-json\/wp\/v2\/pages\/13655\/revisions"}],"predecessor-version":[{"id":14127,"href":"https:\/\/esofitec.com\/ca\/wp-json\/wp\/v2\/pages\/13655\/revisions\/14127"}],"wp:featuredmedia":[{"embeddable":true,"href":"https:\/\/esofitec.com\/ca\/wp-json\/wp\/v2\/media\/13656"}],"wp:attachment":[{"href":"https:\/\/esofitec.com\/ca\/wp-json\/wp\/v2\/media?parent=13655"}],"wp:term":[{"taxonomy":"category","embeddable":true,"href":"https:\/\/esofitec.com\/ca\/wp-json\/wp\/v2\/categories?post=13655"}],"curies":[{"name":"wp","href":"https:\/\/api.w.org\/{rel}","templated":true}]}}